{"id":18248,"date":"2023-06-09T16:15:12","date_gmt":"2023-06-09T15:15:12","guid":{"rendered":"https:\/\/www.wecity.it\/?page_id=18248"},"modified":"2025-10-03T09:42:31","modified_gmt":"2025-10-03T08:42:31","slug":"chi-co%e2%82%82nsuma-meno","status":"publish","type":"page","link":"https:\/\/www.wecity.it\/it\/chi-co%e2%82%82nsuma-meno\/","title":{"rendered":"CHI CO\u2082NSUMA MENO?"},"content":{"rendered":"<div class=\"fusion-fullwidth fullwidth-box fusion-builder-row-1 fusion-flex-container nonhundred-percent-fullwidth non-hundred-percent-height-scrolling\" style=\"--awb-border-radius-top-left:0px;--awb-border-radius-top-right:0px;--awb-border-radius-bottom-right:0px;--awb-border-radius-bottom-left:0px;--awb-flex-wrap:wrap;\" ><div class=\"fusion-builder-row fusion-row fusion-flex-align-items-flex-start fusion-flex-content-wrap\" style=\"max-width:1216.8px;margin-left: calc(-4% \/ 2 );margin-right: calc(-4% \/ 2 );\"><div class=\"fusion-layout-column fusion_builder_column fusion-builder-column-0 fusion_builder_column_1_1 1_1 fusion-flex-column\" style=\"--awb-bg-size:cover;--awb-width-large:100%;--awb-margin-top-large:0px;--awb-spacing-right-large:1.92%;--awb-margin-bottom-large:0px;--awb-spacing-left-large:1.92%;--awb-width-medium:100%;--awb-order-medium:0;--awb-spacing-right-medium:1.92%;--awb-spacing-left-medium:1.92%;--awb-width-small:100%;--awb-order-small:0;--awb-spacing-right-small:1.92%;--awb-spacing-left-small:1.92%;\"><div class=\"fusion-column-wrapper fusion-column-has-shadow fusion-flex-justify-content-flex-start fusion-content-layout-column\"><div class=\"fusion-text fusion-text-1\"><h4><b>CHI CO\u2082NSUMA MENO?<br \/>\n<\/b><span style=\"font-weight: 400;\">Progetto di mobilit\u00e0 sostenibile di UMBRAGROUP &#8211; Regolamento 2023<\/span><\/h4>\n<p><span style=\"font-weight: 400;\">\u201cCHI CO\u2082NSUMA MENO?\u201d \u00e8 una iniziativa di UMBRAGROUP per misurare la riduzione delle emissioni di CO2 derivanti dagli spostamenti nel tragitto casa-lavoro effettuati senza l\u2019uso di veicoli a motore.<\/span><\/p>\n<p><span style=\"font-weight: 400;\">Il progetto \u00e8 finalizzato a promuovere modalit\u00e0 di trasporto alternative all\u2019utilizzo del mezzo privato motorizzato, a favore di modalit\u00e0 di trasporto orientate alla salvaguardia dell\u2019ambiente ed al miglioramento della salute, della sicurezza e del benessere psicofisico delle persone.<\/span><\/p>\n<p><b>Art. 1 \u2013 Funzionamento del progetto<\/b><\/p>\n<p><span style=\"font-weight: 400;\">L\u2019iniziativa prevede una prima fase di 2 settimane di monitoraggio, 12 giugno al 23 giugno 2023, aperta a tutti i mezzi di trasporto, anche l\u2019auto privata. Questa prima fase permetter\u00e0 di comprendere la percentuale di utilizzo dei vari mezzi di trasporto, e pianificare al meglio la lotta alla CO2 in base alle differenti modalit\u00e0 di spostamento scelte dai collaboratori.<\/span><\/p>\n<p><span style=\"font-weight: 400;\">A partire 26 giugno e fino al 31 dicembre avranno luogo le sfide, dove verranno conteggiati solo gli spostamenti <\/span><b>a piedi, in bici, monopattino, trasporto pubblico e car pooling.<\/b><span style=\"font-weight: 400;\"> Gli utenti saranno poi divisi in 3 gruppi in base alla distanza dal luogo di lavoro. I gruppi verranno ufficializzati al termine della prima fase di due settimane.<br \/>\n<\/span><span style=\"font-weight: 400;\">Per ogni spostamento, l\u2019app Wecity calcola la CO2 risparmiata e crea una classifica tra i collaboratori in base a tale valore.<br \/>\n<\/span><span style=\"font-weight: 400;\">Ogni 2 mesi verranno premiati i vincitori e la classifica sar\u00e0 azzerata, per ripartire da capo la settimana successiva.<\/span><\/p>\n<p><b>Art. 2 \u2013 Partecipanti<\/b><\/p>\n<p><span style=\"font-weight: 400;\">L\u2019iniziativa \u00e8 aperta a tutto il personale di UMBRAGROUP.<\/span><\/p>\n<p><b>Art. 3 &#8211; Modalit\u00e0 di iscrizione<\/b><\/p>\n<p><span style=\"font-weight: 400;\">L\u2019iscrizione avverr\u00e0 esclusivamente attraverso la app Wecity per iOS e Android. Una volta scaricata l\u2019applicazione ed effettuata la registrazione, occorre inserire il codice dell&#8217;iniziativa \u201c<\/span><b>UMBRA23<\/b><span style=\"font-weight: 400;\">\u201d e completare la compilazione dei dati richiesti.<br \/>\n<\/span><span style=\"font-weight: 400;\">Al termine della procedura, della durata di circa 1 minuto, l\u2019applicazione comunicher\u00e0 l\u2019avvenuta iscrizione alla gara, e sar\u00e0 possibile iniziare a registrare i propri spostamenti con l\u2019app Wecity.<br \/>\n<\/span><span style=\"font-weight: 400;\">Nella seconda fase, dal 26\/06\/2023\u00a0 verranno distribuiti i codici dei 3 gruppi creati in base ai chilometri di distanza dal luogo di lavoro.<\/span><\/p>\n<p><b>Art. 4 &#8211; Condizioni per la partecipazione<\/b><\/p>\n<p><span style=\"font-weight: 400;\">Per partecipare \u00e8 necessario rispettare i seguenti requisiti:<\/span><\/p>\n<ul>\n<li style=\"font-weight: 400;\" aria-level=\"1\"><span style=\"font-weight: 400;\">disporre di un device mobile con sistema operativo iOS o ANDROID, con sistema gps funzionante per misurare i percorsi casa-lavoro<\/span><\/li>\n<li style=\"font-weight: 400;\" aria-level=\"1\"><span style=\"font-weight: 400;\">scaricare dallo store e installare l\u2019app \u201cWecity\u201d, inserire il codice <\/span><b>UMBRA23<\/b><span style=\"font-weight: 400;\"> e compilare i dati richiesti fino al termine della procedura; \u00e8 possibile inserire il codice anche dalla sezione SFIDE&gt; LE TUE MISSIONI&gt; +<\/span><\/li>\n<li style=\"font-weight: 400;\" aria-level=\"1\"><span style=\"font-weight: 400;\">attivare la app all\u2019inizio di ogni percorso casa-lavoro e lavoro-casa premendo START, e disattivarla all\u2019arrivo premendo STOP;<\/span><\/li>\n<li style=\"font-weight: 400;\" aria-level=\"1\"><span style=\"font-weight: 400;\">nel caso di utilizzo di monopattino o bici elettrica, tali mezzi devono essere dotati di bluetooth per assicurare il corretto riconoscimento dello spostamento.<\/span><\/li>\n<\/ul>\n<p><b>Art. 5 \u2013 Calcolo del percorso valido ai fini dell&#8217;ottenimento del premio finale<\/b><\/p>\n<p><span style=\"font-weight: 400;\">I chilometri validi sono quelli compiuti a piedi, in bici, in monopattino, in trasporto pubblico o in car pooling nel proprio percorso casa-lavoro. Non \u00e8 necessario seguire il percorso pi\u00f9 breve, \u00e8 inoltre possibile effettuare soste intermedie lungo il tragitto, purch\u00e9 la durata complessiva del singolo spostamento casa-lavoro non superi le 4 ore.<\/span><\/p>\n<p><b>Art. 6 &#8211; Classifica<\/b><\/p>\n<p><span style=\"font-weight: 400;\">La classifica \u00e8 sempre aggiornata in tempo reale e consultabile all\u2019interno della App Wecity.<\/span><\/p>\n<p><b>Art. 7 &#8211; Bonus mobilit\u00e0<\/b><\/p>\n<p><span style=\"font-weight: 400;\">La classifica in app si basa sulla quantit\u00e0 di CO2 risparmiata (1 kg ogni 7 km percorsi). Ogni 2 mesi verranno premiati i vincitori e la classifica sar\u00e0 azzerata, per ripartire da capo la settimana successiva. Le risorse per la premialit\u00e0, pari a 7.500\u20ac, verranno allocate nel seguente modo:,3.500\u20ac per il periodo giugno-luglio-agosto, 2.500\u20ac per il periodo settembre-ottobre, 1.500\u20ac per il periodo novembre-dicembre. Per ogni periodo, il budget sar\u00e0 ulteriormente suddiviso tra i vari gruppi (distanza dal luogo di lavoro) in base al numero di partecipanti ad ogni gruppo.<\/span><\/p>\n<p><span style=\"font-weight: 400;\">Ai primi 8 classificati di ogni gruppo verr\u00e0 rilasciato il premio sotto forma di voucher.<\/span><\/p>\n<p><b>Art. 8 &#8211; Comunicazione e Assistenza<\/b><\/p>\n<p><span style=\"font-weight: 400;\">Per ricevere supporto tecnico sull\u2019utilizzo dell\u2019app, si pu\u00f2 far riferimento alle FAQ del sito wecity: http:\/\/www.wecity.it\/faq o scrivere a help@wecity.it o al canale Whatsapp 377 350 6646 (solo messaggi, no chiamate).<br \/>\n<\/span><span style=\"font-weight: 400;\">Per ulteriori informazioni sul progetto contattare 7429 Gian Pietro Bordoni<\/span><\/p>\n<p><b>Art. 9-Rinuncia al progetto<\/b><\/p>\n<p><span style=\"font-weight: 400;\">I soggetti ammessi potranno rinunciare al progetto mediante comunicazione via mail a <\/span><a href=\"mailto:help@wecity.it\"><span style=\"font-weight: 400;\">help@wecity.it<\/span><\/a><span style=\"font-weight: 400;\">. In tal caso il soggetto godr\u00e0 dell&#8217;incentivo soltanto per il periodo in cui ha partecipato.<\/span><\/p>\n<p>Per l&#8217;informativa sul Trattamento dei dati personali consulta la sezione Termini e Condizioni all&#8217;interno della missione in app.<\/p>\n<\/div><\/div><\/div><\/div><\/div>\n","protected":false},"excerpt":{"rendered":"","protected":false},"author":1,"featured_media":0,"parent":0,"menu_order":7,"comment_status":"closed","ping_status":"closed","template":"","meta":{"_acf_changed":false,"footnotes":""},"class_list":["post-18248","page","type-page","status-publish","hentry"],"acf":[],"yoast_head":"<!-- This site is optimized with the Yoast SEO plugin v27.2 - https:\/\/yoast.com\/product\/yoast-seo-wordpress\/ -->\n<title>CHI CO\u2082NSUMA MENO? - Wecity<\/title>\n<meta name=\"robots\" content=\"index, follow, max-snippet:-1, max-image-preview:large, max-video-preview:-1\" \/>\n<link rel=\"canonical\" href=\"https:\/\/www.wecity.it\/it\/chi-co%e2%82%82nsuma-meno\/\" \/>\n<meta property=\"og:locale\" content=\"it_IT\" \/>\n<meta property=\"og:type\" content=\"article\" \/>\n<meta property=\"og:title\" content=\"CHI CO\u2082NSUMA MENO? - Wecity\" \/>\n<meta property=\"og:url\" content=\"https:\/\/www.wecity.it\/it\/chi-co%e2%82%82nsuma-meno\/\" \/>\n<meta property=\"og:site_name\" content=\"Wecity\" \/>\n<meta property=\"article:publisher\" content=\"https:\/\/www.facebook.com\/wecityit\" \/>\n<meta property=\"article:modified_time\" content=\"2025-10-03T08:42:31+00:00\" \/>\n<meta name=\"twitter:card\" content=\"summary_large_image\" \/>\n<meta name=\"twitter:site\" content=\"@wecityit\" \/>\n<meta name=\"twitter:label1\" content=\"Tempo di lettura stimato\" \/>\n\t<meta name=\"twitter:data1\" content=\"5 minuti\" \/>\n<script type=\"application\/ld+json\" class=\"yoast-schema-graph\">{\"@context\":\"https:\/\/schema.org\",\"@graph\":[{\"@type\":\"WebPage\",\"@id\":\"https:\/\/www.wecity.it\/it\/chi-co%e2%82%82nsuma-meno\/\",\"url\":\"https:\/\/www.wecity.it\/it\/chi-co%e2%82%82nsuma-meno\/\",\"name\":\"CHI CO\u2082NSUMA MENO? - Wecity\",\"isPartOf\":{\"@id\":\"https:\/\/www.wecity.it\/it\/#website\"},\"datePublished\":\"2023-06-09T15:15:12+00:00\",\"dateModified\":\"2025-10-03T08:42:31+00:00\",\"inLanguage\":\"it-IT\",\"potentialAction\":[{\"@type\":\"ReadAction\",\"target\":[\"https:\/\/www.wecity.it\/it\/chi-co%e2%82%82nsuma-meno\/\"]}]},{\"@type\":\"WebSite\",\"@id\":\"https:\/\/www.wecity.it\/it\/#website\",\"url\":\"https:\/\/www.wecity.it\/it\/\",\"name\":\"Wecity\",\"description\":\"L&#039;app che premia la mobilit\u00e0 sostenibile\",\"publisher\":{\"@id\":\"https:\/\/www.wecity.it\/it\/#organization\"},\"potentialAction\":[{\"@type\":\"SearchAction\",\"target\":{\"@type\":\"EntryPoint\",\"urlTemplate\":\"https:\/\/www.wecity.it\/it\/?s={search_term_string}\"},\"query-input\":{\"@type\":\"PropertyValueSpecification\",\"valueRequired\":true,\"valueName\":\"search_term_string\"}}],\"inLanguage\":\"it-IT\"},{\"@type\":\"Organization\",\"@id\":\"https:\/\/www.wecity.it\/it\/#organization\",\"name\":\"wecity\",\"url\":\"https:\/\/www.wecity.it\/it\/\",\"logo\":{\"@type\":\"ImageObject\",\"inLanguage\":\"it-IT\",\"@id\":\"https:\/\/www.wecity.it\/it\/#\/schema\/logo\/image\/\",\"url\":\"https:\/\/www.wecity.it\/wp-content\/uploads\/2022\/11\/wecity_logo.png\",\"contentUrl\":\"https:\/\/www.wecity.it\/wp-content\/uploads\/2022\/11\/wecity_logo.png\",\"width\":1100,\"height\":400,\"caption\":\"wecity\"},\"image\":{\"@id\":\"https:\/\/www.wecity.it\/it\/#\/schema\/logo\/image\/\"},\"sameAs\":[\"https:\/\/www.facebook.com\/wecityit\",\"https:\/\/x.com\/wecityit\",\"https:\/\/www.youtube.com\/c\/wecityitapp\",\"https:\/\/instagram.com\/wecityit\",\"https:\/\/www.linkedin.com\/company\/wecity-srl\/\"]}]}<\/script>\n<!-- \/ Yoast SEO plugin. -->","yoast_head_json":{"title":"CHI CO\u2082NSUMA MENO? - Wecity","robots":{"index":"index","follow":"follow","max-snippet":"max-snippet:-1","max-image-preview":"max-image-preview:large","max-video-preview":"max-video-preview:-1"},"canonical":"https:\/\/www.wecity.it\/it\/chi-co%e2%82%82nsuma-meno\/","og_locale":"it_IT","og_type":"article","og_title":"CHI CO\u2082NSUMA MENO? - Wecity","og_url":"https:\/\/www.wecity.it\/it\/chi-co%e2%82%82nsuma-meno\/","og_site_name":"Wecity","article_publisher":"https:\/\/www.facebook.com\/wecityit","article_modified_time":"2025-10-03T08:42:31+00:00","twitter_card":"summary_large_image","twitter_site":"@wecityit","twitter_misc":{"Tempo di lettura stimato":"5 minuti"},"schema":{"@context":"https:\/\/schema.org","@graph":[{"@type":"WebPage","@id":"https:\/\/www.wecity.it\/it\/chi-co%e2%82%82nsuma-meno\/","url":"https:\/\/www.wecity.it\/it\/chi-co%e2%82%82nsuma-meno\/","name":"CHI CO\u2082NSUMA MENO? - Wecity","isPartOf":{"@id":"https:\/\/www.wecity.it\/it\/#website"},"datePublished":"2023-06-09T15:15:12+00:00","dateModified":"2025-10-03T08:42:31+00:00","inLanguage":"it-IT","potentialAction":[{"@type":"ReadAction","target":["https:\/\/www.wecity.it\/it\/chi-co%e2%82%82nsuma-meno\/"]}]},{"@type":"WebSite","@id":"https:\/\/www.wecity.it\/it\/#website","url":"https:\/\/www.wecity.it\/it\/","name":"Wecity","description":"L&#039;app che premia la mobilit\u00e0 sostenibile","publisher":{"@id":"https:\/\/www.wecity.it\/it\/#organization"},"potentialAction":[{"@type":"SearchAction","target":{"@type":"EntryPoint","urlTemplate":"https:\/\/www.wecity.it\/it\/?s={search_term_string}"},"query-input":{"@type":"PropertyValueSpecification","valueRequired":true,"valueName":"search_term_string"}}],"inLanguage":"it-IT"},{"@type":"Organization","@id":"https:\/\/www.wecity.it\/it\/#organization","name":"wecity","url":"https:\/\/www.wecity.it\/it\/","logo":{"@type":"ImageObject","inLanguage":"it-IT","@id":"https:\/\/www.wecity.it\/it\/#\/schema\/logo\/image\/","url":"https:\/\/www.wecity.it\/wp-content\/uploads\/2022\/11\/wecity_logo.png","contentUrl":"https:\/\/www.wecity.it\/wp-content\/uploads\/2022\/11\/wecity_logo.png","width":1100,"height":400,"caption":"wecity"},"image":{"@id":"https:\/\/www.wecity.it\/it\/#\/schema\/logo\/image\/"},"sameAs":["https:\/\/www.facebook.com\/wecityit","https:\/\/x.com\/wecityit","https:\/\/www.youtube.com\/c\/wecityitapp","https:\/\/instagram.com\/wecityit","https:\/\/www.linkedin.com\/company\/wecity-srl\/"]}]}},"_links":{"self":[{"href":"https:\/\/www.wecity.it\/it\/wp-json\/wp\/v2\/pages\/18248","targetHints":{"allow":["GET"]}}],"collection":[{"href":"https:\/\/www.wecity.it\/it\/wp-json\/wp\/v2\/pages"}],"about":[{"href":"https:\/\/www.wecity.it\/it\/wp-json\/wp\/v2\/types\/page"}],"author":[{"embeddable":true,"href":"https:\/\/www.wecity.it\/it\/wp-json\/wp\/v2\/users\/1"}],"replies":[{"embeddable":true,"href":"https:\/\/www.wecity.it\/it\/wp-json\/wp\/v2\/comments?post=18248"}],"version-history":[{"count":2,"href":"https:\/\/www.wecity.it\/it\/wp-json\/wp\/v2\/pages\/18248\/revisions"}],"predecessor-version":[{"id":18250,"href":"https:\/\/www.wecity.it\/it\/wp-json\/wp\/v2\/pages\/18248\/revisions\/18250"}],"wp:attachment":[{"href":"https:\/\/www.wecity.it\/it\/wp-json\/wp\/v2\/media?parent=18248"}],"curies":[{"name":"wp","href":"https:\/\/api.w.org\/{rel}","templated":true}]}}