{"id":19233,"date":"2025-05-07T09:40:45","date_gmt":"2025-05-07T08:40:45","guid":{"rendered":"https:\/\/www.wecity.it\/?page_id=19233"},"modified":"2026-01-23T10:50:09","modified_gmt":"2026-01-23T09:50:09","slug":"gruppo-ab-2025","status":"publish","type":"page","link":"https:\/\/www.wecity.it\/it\/gruppo-ab-2025\/","title":{"rendered":"Gruppo AB &#8211; 2025"},"content":{"rendered":"<div class=\"fusion-fullwidth fullwidth-box fusion-builder-row-1 fusion-flex-container nonhundred-percent-fullwidth non-hundred-percent-height-scrolling\" style=\"--awb-border-radius-top-left:0px;--awb-border-radius-top-right:0px;--awb-border-radius-bottom-right:0px;--awb-border-radius-bottom-left:0px;--awb-flex-wrap:wrap;\" ><div class=\"fusion-builder-row fusion-row fusion-flex-align-items-flex-start fusion-flex-content-wrap\" style=\"max-width:1216.8px;margin-left: calc(-4% \/ 2 );margin-right: calc(-4% \/ 2 );\"><div class=\"fusion-layout-column fusion_builder_column fusion-builder-column-0 fusion_builder_column_1_1 1_1 fusion-flex-column\" style=\"--awb-bg-blend:overlay;--awb-bg-size:cover;--awb-width-large:100%;--awb-margin-top-large:0px;--awb-spacing-right-large:1.92%;--awb-margin-bottom-large:0px;--awb-spacing-left-large:1.92%;--awb-width-medium:100%;--awb-spacing-right-medium:1.92%;--awb-spacing-left-medium:1.92%;--awb-width-small:100%;--awb-spacing-right-small:1.92%;--awb-spacing-left-small:1.92%;\"><div class=\"fusion-column-wrapper fusion-flex-justify-content-flex-start fusion-content-layout-column\"><div class=\"fusion-image-element \" style=\"--awb-margin-bottom:48px;--awb-max-width:200px;--awb-caption-title-font-family:var(--h2_typography-font-family);--awb-caption-title-font-weight:var(--h2_typography-font-weight);--awb-caption-title-font-style:var(--h2_typography-font-style);--awb-caption-title-size:var(--h2_typography-font-size);--awb-caption-title-transform:var(--h2_typography-text-transform);--awb-caption-title-line-height:var(--h2_typography-line-height);--awb-caption-title-letter-spacing:var(--h2_typography-letter-spacing);\"><span class=\" fusion-imageframe imageframe-none imageframe-1 hover-type-none\"><img decoding=\"async\" width=\"920\" height=\"448\" alt=\"Gruppo-AB\" title=\"Gruppo-AB_logo\" src=\"https:\/\/www.wecity.it\/wp-content\/uploads\/2025\/05\/Gruppo-AB_logo.png\" data-orig-src=\"https:\/\/www.wecity.it\/wp-content\/uploads\/2025\/05\/Gruppo-AB_logo.png\" class=\"lazyload img-responsive wp-image-19187\" srcset=\"data:image\/svg+xml,%3Csvg%20xmlns%3D%27http%3A%2F%2Fwww.w3.org%2F2000%2Fsvg%27%20width%3D%27920%27%20height%3D%27448%27%20viewBox%3D%270%200%20920%20448%27%3E%3Crect%20width%3D%27920%27%20height%3D%27448%27%20fill-opacity%3D%220%22%2F%3E%3C%2Fsvg%3E\" data-srcset=\"https:\/\/www.wecity.it\/wp-content\/uploads\/2025\/05\/Gruppo-AB_logo-200x97.png 200w, https:\/\/www.wecity.it\/wp-content\/uploads\/2025\/05\/Gruppo-AB_logo-400x195.png 400w, https:\/\/www.wecity.it\/wp-content\/uploads\/2025\/05\/Gruppo-AB_logo-600x292.png 600w, https:\/\/www.wecity.it\/wp-content\/uploads\/2025\/05\/Gruppo-AB_logo-800x390.png 800w, https:\/\/www.wecity.it\/wp-content\/uploads\/2025\/05\/Gruppo-AB_logo.png 920w\" data-sizes=\"auto\" data-orig-sizes=\"(max-width: 640px) 100vw, 920px\" \/><\/span><\/div><div class=\"fusion-text fusion-text-1\"><p><b><span style=\"font-size: 21px;\" data-fusion-font=\"true\">INFORMATIVA SUL TRATTAMENTO DEI DATI PERSONALI<\/span><br \/>\n<\/b><b style=\"letter-spacing: 0.27px; background-color: rgba(0, 0, 0, 0);\">ai sensi degli articoli 13 e 14 del Regolamento (UE) 2016\/679 e della normativa nazionale applicabile<\/b><\/p>\n<p>AB Holding S.p.A. (di seguito \u201c<b>AB<\/b>\u201d) &#8211; per s\u00e9 e per le societ\u00e0 da essa controllate situate in Italia &#8211; in qualit\u00e0 di titolare del trattamento, desidera informarLa, ai sensi del Regolamento (UE) 2016\/679 (il \u201c<b>GDPR<\/b>\u201d) e della normativa nazionale applicabile, che i dati personali da Lei forniti in sede di partecipazione alla survey saranno utilizzati nell\u2019ambito del c.d. Piano degli Spostamenti Casa-Lavoro, con l\u2019obiettivo di comprendere le abitudini di mobilit\u00e0 dei dipendenti per proporre soluzioni volte a migliorarne l\u2019efficienza e la sostenibilit\u00e0 (\u201c<b>Survey<\/b>\u201d) saranno trattati nel rispetto delle disposizioni legislative e contrattuali vigenti per le finalit\u00e0 e con le modalit\u00e0 di seguito indicate.<\/p>\n<p><b>I. Tipologia di dati personali, finalit\u00e0 e base giuridica del trattamento<\/b><\/p>\n<\/div><div class=\"fusion-image-element \" style=\"--awb-max-width:800px;--awb-caption-title-font-family:var(--h2_typography-font-family);--awb-caption-title-font-weight:var(--h2_typography-font-weight);--awb-caption-title-font-style:var(--h2_typography-font-style);--awb-caption-title-size:var(--h2_typography-font-size);--awb-caption-title-transform:var(--h2_typography-text-transform);--awb-caption-title-line-height:var(--h2_typography-line-height);--awb-caption-title-letter-spacing:var(--h2_typography-letter-spacing);\"><span class=\" fusion-imageframe imageframe-none imageframe-2 hover-type-none\"><img decoding=\"async\" width=\"1419\" height=\"269\" title=\"gruppoAB table\" src=\"https:\/\/www.wecity.it\/wp-content\/uploads\/2025\/05\/gruppoAB-table.png\" data-orig-src=\"https:\/\/www.wecity.it\/wp-content\/uploads\/2025\/05\/gruppoAB-table.png\" alt class=\"lazyload img-responsive wp-image-19246\" srcset=\"data:image\/svg+xml,%3Csvg%20xmlns%3D%27http%3A%2F%2Fwww.w3.org%2F2000%2Fsvg%27%20width%3D%271419%27%20height%3D%27269%27%20viewBox%3D%270%200%201419%20269%27%3E%3Crect%20width%3D%271419%27%20height%3D%27269%27%20fill-opacity%3D%220%22%2F%3E%3C%2Fsvg%3E\" data-srcset=\"https:\/\/www.wecity.it\/wp-content\/uploads\/2025\/05\/gruppoAB-table-200x38.png 200w, https:\/\/www.wecity.it\/wp-content\/uploads\/2025\/05\/gruppoAB-table-400x76.png 400w, https:\/\/www.wecity.it\/wp-content\/uploads\/2025\/05\/gruppoAB-table-600x114.png 600w, https:\/\/www.wecity.it\/wp-content\/uploads\/2025\/05\/gruppoAB-table-800x152.png 800w, https:\/\/www.wecity.it\/wp-content\/uploads\/2025\/05\/gruppoAB-table-1200x227.png 1200w, https:\/\/www.wecity.it\/wp-content\/uploads\/2025\/05\/gruppoAB-table.png 1419w\" data-sizes=\"auto\" data-orig-sizes=\"(max-width: 640px) 100vw, 1200px\" \/><\/span><\/div><div class=\"fusion-text fusion-text-2\"><p><b>II. <\/b><span style=\"font-weight: bold; letter-spacing: 0.27px; background-color: rgba(0, 0, 0, 0);\">Modalit\u00e0 di trattamento<br \/>\n<\/span>I dati personali saranno trattati per mezzo delle seguenti operazioni: raccolta, registrazione, organizzazione, conservazione, consultazione, elaborazione, modificazione, selezione, estrazione, raffronto, utilizzo, interconnessione, blocco, comunicazione, cancellazione e distruzione dei dati. I dati personali sono sottoposti a trattamento con sistemi informatici e manuali secondo i principi di correttezza, lealt\u00e0 e trasparenza previsti dalla normativa applicabile e tutelando l\u2019interessato e i suoi diritti mediante l\u2019adozione di idonee misure tecniche ed organizzative per garantire un livello di sicurezza adeguato al rischio. Eventuali trattamenti automatizzati saranno effettuati da AB secondo logiche strettamente correlate alle finalit\u00e0 descritte all\u2019articolo I.<\/p>\n<p><b>III. Natura del conferimento<br \/>\n<\/b><span style=\"letter-spacing: 0.27px; background-color: rgba(0, 0, 0, 0);\">La partecipazione alla Survey \u00e8 facoltativa. Il conferimento dei dati personali dell\u2019interessato \u00e8 comunque necessario per poter sottoporre le proprie risposte alla Survey. <\/span><\/p>\n<p><b>IV. Conservazione dei dati<br \/>\n<\/b>Tutti i dati personali saranno conservati per un periodo di tempo non superiore a quello necessario rispetto agli scopi per i quali sar\u00e0 effettuato il trattamento.<b><\/b><\/p>\n<p><b>V. Comunicazione, diffusione e trasferimento dei dati personali<br \/>\n<\/b><span style=\"letter-spacing: 0.27px; background-color: rgba(0, 0, 0, 0);\">Fermo restando le comunicazioni eseguite nel rispetto dei principi di liceit\u00e0, correttezza, trasparenza e minimizzazione dei dati, possono venire a conoscenza di tutti i dati personali raccolti e successivamente trattarli:<\/span><\/p>\n<ul>\n<li>i responsabili del trattamento interni di AB e di altre societ\u00e0 del Gruppo AB, nonch\u00e9 il personale di AB e di altre societ\u00e0 del Gruppo AB appositamente autorizzato ed istruito;<\/li>\n<li>eventuali responsabili esterni designati da AB sulla base di un contratto di nomina ai sensi dell\u2019articolo 28 del GDPR, per la prestazione di alcuni servizi di elaborazione dei dati raccolti durante la Survey;<\/li>\n<li>le altre societ\u00e0 controllate, controllanti e partecipate dalla societ\u00e0 AB Holding S.p.A., ove necessario ai fini amministrativi interni e di coordinamento di gruppo, nel rispetto della procedura aziendale \u201c<i>Modello Organizzativo Trattamento Dati Personali_PR038<\/i>\u201d alla quale hanno aderito al fine di garantire all\u2019interessato lo stesso livello di protezione previsto dalle normative vigenti e l\u2019esercizio dei suoi diritti in conformit\u00e0 alle medesime.<\/li>\n<\/ul>\n<p>I dati personali non saranno oggetto di diffusione.<\/p>\n<p>I dati personali non saranno oggetto di trasferimento al di fuori dell\u2019Unione Europea.<\/p>\n<p><b>VI. Diritti dell&#8217;interessato<br \/>\n<\/b><span style=\"letter-spacing: 0.27px; background-color: rgba(0, 0, 0, 0);\">L\u2019interessato potr\u00e0 esercitare, in relazione al trattamento dei dati ivi descritto, i diritti previsti dal GDPR agli articoli 15-21 ed in particolare:<\/span><\/p>\n<p>(a) <u>diritto di accesso<\/u>: il diritto di essere informati e di richiedere l&#8217;accesso ai dati personali trattati;<br \/>\n(b) <span style=\"letter-spacing: 0.27px; background-color: rgba(0, 0, 0, 0);\"><u>diritto di rettifica<\/u>: il diritto di richiedere la modifica o l&#8217;aggiornamento dei dati personali in caso di inesattezza o incompletezza;<br \/>\n<\/span>(c) <span style=\"letter-spacing: 0.27px; background-color: rgba(0, 0, 0, 0);\"><u>diritto di cancellazione<\/u>: il diritto di richiedere la cancellazione definitiva dei dati personali ove previsto dal GDPR;<br \/>\n<\/span>(d) <span style=\"letter-spacing: 0.27px; background-color: rgba(0, 0, 0, 0);\"><u>diritto di limitazione<\/u>: il diritto di richiedere di interrompere temporaneamente o definitivamente il trattamento di tutti o di alcuni dei dati personali ove previsto dal GDPR;<br \/>\n<\/span>(e) <span style=\"letter-spacing: 0.27px; background-color: rgba(0, 0, 0, 0);\"><u>diritto di opposizione<\/u>: diritto di opporsi in qualsiasi momento al trattamento dei dati personali ove previsto dal GDPR (es. motivi connessi alla situazione specifica dell\u2019interessato);<br \/>\n<\/span>(f) <span style=\"letter-spacing: 0.27px; background-color: rgba(0, 0, 0, 0);\"><u>diritto di portabilit\u00e0 dei dati<\/u>: diritto di richiedere una copia dei propri dati personali in formato elettronico e chiedere che tali dati siano trasmessi ad un altro titolare del trattamento;<br \/>\n<\/span>(g) <span style=\"letter-spacing: 0.27px; background-color: rgba(0, 0, 0, 0);\"><u>diritto di revocare il consenso<\/u> in qualsiasi momento senza pregiudicare la liceit\u00e0 del trattamento basata sul consenso prestato prima della revoca;<br \/>\n<\/span>(h) <span style=\"letter-spacing: 0.27px; background-color: rgba(0, 0, 0, 0);\"><u>diritto di proporre reclamo all\u2019autorit\u00e0 di controllo<\/u> in caso di violazione del GDPR e della normativa nazionale applicabile in materia di trattamento dei dati personali.<\/span><\/p>\n<p>Al fine di esercitare i suddetti diritti, l\u2019interessato pu\u00f2 contattare il Titolare del trattamento scrivendo a <a href=\"mailto:privacy@gruppoab.it\">privacy@gruppoab.it<\/a> o mediante raccomandata a\/r all\u2019indirizzo indicato all\u2019articolo VII della presente.<\/p>\n<p><b>VII. Titolare del trattamento<br \/>\n<\/b>Titolare del trattamento \u00e8 AB Holding S.p.A., con sede legale in Via Caduti del Lavoro, 13 \u2013 25034 Orzinuovi BS \u2013 tel.: 030 9942411 \u2013 fax: 030 9942426 \u2013 e-mail: <a href=\"mailto:privacy@gruppoab.it\">privacy@gruppoab.it<\/a> nella persona del suo Legale Rappresentante. <b><\/b><\/p>\n<\/div><\/div><\/div><\/div><\/div>\n","protected":false},"excerpt":{"rendered":"","protected":false},"author":2,"featured_media":0,"parent":0,"menu_order":7,"comment_status":"closed","ping_status":"closed","template":"","meta":{"_acf_changed":false,"footnotes":""},"class_list":["post-19233","page","type-page","status-publish","hentry"],"acf":[],"yoast_head":"<!-- This site is optimized with the Yoast SEO plugin v27.2 - https:\/\/yoast.com\/product\/yoast-seo-wordpress\/ -->\n<title>Gruppo AB - 2025 - Wecity<\/title>\n<meta name=\"robots\" content=\"index, follow, max-snippet:-1, max-image-preview:large, max-video-preview:-1\" \/>\n<link rel=\"canonical\" href=\"https:\/\/www.wecity.it\/it\/gruppo-ab-2025\/\" \/>\n<meta property=\"og:locale\" content=\"it_IT\" \/>\n<meta property=\"og:type\" content=\"article\" \/>\n<meta property=\"og:title\" content=\"Gruppo AB - 2025 - Wecity\" \/>\n<meta property=\"og:url\" content=\"https:\/\/www.wecity.it\/it\/gruppo-ab-2025\/\" \/>\n<meta property=\"og:site_name\" content=\"Wecity\" \/>\n<meta property=\"article:publisher\" content=\"https:\/\/www.facebook.com\/wecityit\" \/>\n<meta property=\"article:modified_time\" content=\"2026-01-23T09:50:09+00:00\" \/>\n<meta name=\"twitter:card\" content=\"summary_large_image\" \/>\n<meta name=\"twitter:site\" content=\"@wecityit\" \/>\n<meta name=\"twitter:label1\" content=\"Tempo di lettura stimato\" \/>\n\t<meta name=\"twitter:data1\" content=\"4 minuti\" \/>\n<script type=\"application\/ld+json\" class=\"yoast-schema-graph\">{\"@context\":\"https:\/\/schema.org\",\"@graph\":[{\"@type\":\"WebPage\",\"@id\":\"https:\/\/www.wecity.it\/it\/gruppo-ab-2025\/\",\"url\":\"https:\/\/www.wecity.it\/it\/gruppo-ab-2025\/\",\"name\":\"Gruppo AB - 2025 - Wecity\",\"isPartOf\":{\"@id\":\"https:\/\/www.wecity.it\/it\/#website\"},\"datePublished\":\"2025-05-07T08:40:45+00:00\",\"dateModified\":\"2026-01-23T09:50:09+00:00\",\"inLanguage\":\"it-IT\",\"potentialAction\":[{\"@type\":\"ReadAction\",\"target\":[\"https:\/\/www.wecity.it\/it\/gruppo-ab-2025\/\"]}]},{\"@type\":\"WebSite\",\"@id\":\"https:\/\/www.wecity.it\/it\/#website\",\"url\":\"https:\/\/www.wecity.it\/it\/\",\"name\":\"Wecity\",\"description\":\"L&#039;app che premia la mobilit\u00e0 sostenibile\",\"publisher\":{\"@id\":\"https:\/\/www.wecity.it\/it\/#organization\"},\"potentialAction\":[{\"@type\":\"SearchAction\",\"target\":{\"@type\":\"EntryPoint\",\"urlTemplate\":\"https:\/\/www.wecity.it\/it\/?s={search_term_string}\"},\"query-input\":{\"@type\":\"PropertyValueSpecification\",\"valueRequired\":true,\"valueName\":\"search_term_string\"}}],\"inLanguage\":\"it-IT\"},{\"@type\":\"Organization\",\"@id\":\"https:\/\/www.wecity.it\/it\/#organization\",\"name\":\"wecity\",\"url\":\"https:\/\/www.wecity.it\/it\/\",\"logo\":{\"@type\":\"ImageObject\",\"inLanguage\":\"it-IT\",\"@id\":\"https:\/\/www.wecity.it\/it\/#\/schema\/logo\/image\/\",\"url\":\"https:\/\/www.wecity.it\/wp-content\/uploads\/2022\/11\/wecity_logo.png\",\"contentUrl\":\"https:\/\/www.wecity.it\/wp-content\/uploads\/2022\/11\/wecity_logo.png\",\"width\":1100,\"height\":400,\"caption\":\"wecity\"},\"image\":{\"@id\":\"https:\/\/www.wecity.it\/it\/#\/schema\/logo\/image\/\"},\"sameAs\":[\"https:\/\/www.facebook.com\/wecityit\",\"https:\/\/x.com\/wecityit\",\"https:\/\/www.youtube.com\/c\/wecityitapp\",\"https:\/\/instagram.com\/wecityit\",\"https:\/\/www.linkedin.com\/company\/wecity-srl\/\"]}]}<\/script>\n<!-- \/ Yoast SEO plugin. -->","yoast_head_json":{"title":"Gruppo AB - 2025 - Wecity","robots":{"index":"index","follow":"follow","max-snippet":"max-snippet:-1","max-image-preview":"max-image-preview:large","max-video-preview":"max-video-preview:-1"},"canonical":"https:\/\/www.wecity.it\/it\/gruppo-ab-2025\/","og_locale":"it_IT","og_type":"article","og_title":"Gruppo AB - 2025 - Wecity","og_url":"https:\/\/www.wecity.it\/it\/gruppo-ab-2025\/","og_site_name":"Wecity","article_publisher":"https:\/\/www.facebook.com\/wecityit","article_modified_time":"2026-01-23T09:50:09+00:00","twitter_card":"summary_large_image","twitter_site":"@wecityit","twitter_misc":{"Tempo di lettura stimato":"4 minuti"},"schema":{"@context":"https:\/\/schema.org","@graph":[{"@type":"WebPage","@id":"https:\/\/www.wecity.it\/it\/gruppo-ab-2025\/","url":"https:\/\/www.wecity.it\/it\/gruppo-ab-2025\/","name":"Gruppo AB - 2025 - Wecity","isPartOf":{"@id":"https:\/\/www.wecity.it\/it\/#website"},"datePublished":"2025-05-07T08:40:45+00:00","dateModified":"2026-01-23T09:50:09+00:00","inLanguage":"it-IT","potentialAction":[{"@type":"ReadAction","target":["https:\/\/www.wecity.it\/it\/gruppo-ab-2025\/"]}]},{"@type":"WebSite","@id":"https:\/\/www.wecity.it\/it\/#website","url":"https:\/\/www.wecity.it\/it\/","name":"Wecity","description":"L&#039;app che premia la mobilit\u00e0 sostenibile","publisher":{"@id":"https:\/\/www.wecity.it\/it\/#organization"},"potentialAction":[{"@type":"SearchAction","target":{"@type":"EntryPoint","urlTemplate":"https:\/\/www.wecity.it\/it\/?s={search_term_string}"},"query-input":{"@type":"PropertyValueSpecification","valueRequired":true,"valueName":"search_term_string"}}],"inLanguage":"it-IT"},{"@type":"Organization","@id":"https:\/\/www.wecity.it\/it\/#organization","name":"wecity","url":"https:\/\/www.wecity.it\/it\/","logo":{"@type":"ImageObject","inLanguage":"it-IT","@id":"https:\/\/www.wecity.it\/it\/#\/schema\/logo\/image\/","url":"https:\/\/www.wecity.it\/wp-content\/uploads\/2022\/11\/wecity_logo.png","contentUrl":"https:\/\/www.wecity.it\/wp-content\/uploads\/2022\/11\/wecity_logo.png","width":1100,"height":400,"caption":"wecity"},"image":{"@id":"https:\/\/www.wecity.it\/it\/#\/schema\/logo\/image\/"},"sameAs":["https:\/\/www.facebook.com\/wecityit","https:\/\/x.com\/wecityit","https:\/\/www.youtube.com\/c\/wecityitapp","https:\/\/instagram.com\/wecityit","https:\/\/www.linkedin.com\/company\/wecity-srl\/"]}]}},"_links":{"self":[{"href":"https:\/\/www.wecity.it\/it\/wp-json\/wp\/v2\/pages\/19233","targetHints":{"allow":["GET"]}}],"collection":[{"href":"https:\/\/www.wecity.it\/it\/wp-json\/wp\/v2\/pages"}],"about":[{"href":"https:\/\/www.wecity.it\/it\/wp-json\/wp\/v2\/types\/page"}],"author":[{"embeddable":true,"href":"https:\/\/www.wecity.it\/it\/wp-json\/wp\/v2\/users\/2"}],"replies":[{"embeddable":true,"href":"https:\/\/www.wecity.it\/it\/wp-json\/wp\/v2\/comments?post=19233"}],"version-history":[{"count":12,"href":"https:\/\/www.wecity.it\/it\/wp-json\/wp\/v2\/pages\/19233\/revisions"}],"predecessor-version":[{"id":19249,"href":"https:\/\/www.wecity.it\/it\/wp-json\/wp\/v2\/pages\/19233\/revisions\/19249"}],"wp:attachment":[{"href":"https:\/\/www.wecity.it\/it\/wp-json\/wp\/v2\/media?parent=19233"}],"curies":[{"name":"wp","href":"https:\/\/api.w.org\/{rel}","templated":true}]}}